{"id":45,"date":"2016-08-24T12:38:58","date_gmt":"2016-08-24T12:38:58","guid":{"rendered":"https:\/\/le.nomade.sylvainperrierfotografi.com\/contact\/"},"modified":"2025-05-28T12:13:15","modified_gmt":"2025-05-28T16:13:15","slug":"contact","status":"publish","type":"page","link":"https:\/\/le.nomade.sylvainperrierfotografi.com\/fr\/contact\/","title":{"rendered":"Contact"},"content":{"rendered":"<p class=\"\"><strong>Contact<\/strong><\/p>\n\n\n\n<p class=\"\">Une pens\u00e9e \u00e0 partager, une photo qui t\u2019a touch\u00e9, ou simplement envie de dire bonjour ?<\/p>\n\n\n\n<p class=\"\">Ce site est un carnet de route, un espace libre o\u00f9 les images rencontrent les mots. Si tu ressens l\u2019\u00e9lan d\u2019\u00e9changer ou de me laisser un message, je t\u2019\u00e9coute avec plaisir.<\/p>\n\n\n\n<p class=\"\">\ud83d\udce7 <strong><a>info@sylvainperrierfotografi.com<\/a><\/strong><\/p>\n\n\n\n<blockquote class=\"wp-block-quote is-layout-flow wp-block-quote-is-layout-flow\">\n<p class=\"\"><em>Le Nomade<\/em> est un voyage visuel et po\u00e9tique sign\u00e9 Sylvain Perrier. Merci de prendre le temps de t\u2019y arr\u00eater.<\/p>\n<\/blockquote>","protected":false},"excerpt":{"rendered":"<p>Contact Une pens\u00e9e \u00e0 partager, une photo qui t\u2019a touch\u00e9, ou simplement envie de dire bonjour ? Ce [&hellip;]<\/p>\n","protected":false},"author":1,"featured_media":754,"parent":0,"menu_order":5,"comment_status":"closed","ping_status":"closed","template":"","meta":{"nf_dc_page":"","footnotes":""},"class_list":["post-45","page","type-page","status-publish","has-post-thumbnail","hentry"],"yoast_head":"<!-- This site is optimized with the Yoast SEO plugin v27.4 - https:\/\/yoast.com\/product\/yoast-seo-wordpress\/ -->\n<title>Contact - Le Nomade<\/title>\n<meta name=\"description\" content=\"Contact - Un espace de contact simple pour partager impressions, \u00e9motions ou questions autour du projet Le Nomade.\" \/>\n<meta name=\"robots\" content=\"index, follow, max-snippet:-1, max-image-preview:large, max-video-preview:-1\" \/>\n<link rel=\"canonical\" href=\"https:\/\/le.nomade.sylvainperrierfotografi.com\/fr\/contact\/\" \/>\n<meta property=\"og:locale\" content=\"fr_FR\" \/>\n<meta property=\"og:type\" content=\"article\" \/>\n<meta property=\"og:title\" content=\"Contact - Le Nomade\" \/>\n<meta property=\"og:description\" content=\"Contact - Un espace de contact simple pour partager impressions, \u00e9motions ou questions autour du projet Le Nomade.\" \/>\n<meta property=\"og:url\" content=\"https:\/\/le.nomade.sylvainperrierfotografi.com\/fr\/contact\/\" \/>\n<meta property=\"og:site_name\" content=\"Le Nomade\" \/>\n<meta property=\"article:publisher\" content=\"https:\/\/www.facebook.com\/SylvainPerrierFotografie\" \/>\n<meta property=\"article:modified_time\" content=\"2025-05-28T16:13:15+00:00\" \/>\n<meta property=\"og:image\" content=\"https:\/\/le.nomade.sylvainperrierfotografi.com\/wp-content\/uploads\/2025\/05\/Le-nomade.jpg\" \/>\n\t<meta property=\"og:image:width\" content=\"1820\" \/>\n\t<meta property=\"og:image:height\" content=\"1024\" \/>\n\t<meta property=\"og:image:type\" content=\"image\/jpeg\" \/>\n<meta name=\"twitter:card\" content=\"summary_large_image\" \/>\n<meta name=\"twitter:site\" content=\"@sylvainxperrier\" \/>\n<meta name=\"twitter:label1\" content=\"Dur\u00e9e de lecture estim\u00e9e\" \/>\n\t<meta name=\"twitter:data1\" content=\"1 minute\" \/>\n<script type=\"application\/ld+json\" class=\"yoast-schema-graph\">{\"@context\":\"https:\\\/\\\/schema.org\",\"@graph\":[{\"@type\":\"WebPage\",\"@id\":\"https:\\\/\\\/le.nomade.sylvainperrierfotografi.com\\\/contact\\\/\",\"url\":\"https:\\\/\\\/le.nomade.sylvainperrierfotografi.com\\\/contact\\\/\",\"name\":\"Contact - Le Nomade\",\"isPartOf\":{\"@id\":\"https:\\\/\\\/le.nomade.sylvainperrierfotografi.com\\\/#website\"},\"primaryImageOfPage\":{\"@id\":\"https:\\\/\\\/le.nomade.sylvainperrierfotografi.com\\\/contact\\\/#primaryimage\"},\"image\":{\"@id\":\"https:\\\/\\\/le.nomade.sylvainperrierfotografi.com\\\/contact\\\/#primaryimage\"},\"thumbnailUrl\":\"https:\\\/\\\/i0.wp.com\\\/le.nomade.sylvainperrierfotografi.com\\\/wp-content\\\/uploads\\\/2025\\\/05\\\/Le-nomade.jpg?fit=1820%2C1024&ssl=1\",\"datePublished\":\"2016-08-24T12:38:58+00:00\",\"dateModified\":\"2025-05-28T16:13:15+00:00\",\"description\":\"Contact - Un espace de contact simple pour partager impressions, \u00e9motions ou questions autour du projet Le Nomade.\",\"breadcrumb\":{\"@id\":\"https:\\\/\\\/le.nomade.sylvainperrierfotografi.com\\\/contact\\\/#breadcrumb\"},\"inLanguage\":\"fr-FR\",\"potentialAction\":[{\"@type\":\"ReadAction\",\"target\":[\"https:\\\/\\\/le.nomade.sylvainperrierfotografi.com\\\/contact\\\/\"]}]},{\"@type\":\"ImageObject\",\"inLanguage\":\"fr-FR\",\"@id\":\"https:\\\/\\\/le.nomade.sylvainperrierfotografi.com\\\/contact\\\/#primaryimage\",\"url\":\"https:\\\/\\\/i0.wp.com\\\/le.nomade.sylvainperrierfotografi.com\\\/wp-content\\\/uploads\\\/2025\\\/05\\\/Le-nomade.jpg?fit=1820%2C1024&ssl=1\",\"contentUrl\":\"https:\\\/\\\/i0.wp.com\\\/le.nomade.sylvainperrierfotografi.com\\\/wp-content\\\/uploads\\\/2025\\\/05\\\/Le-nomade.jpg?fit=1820%2C1024&ssl=1\",\"width\":1820,\"height\":1024,\"caption\":\"Le Nomade\"},{\"@type\":\"BreadcrumbList\",\"@id\":\"https:\\\/\\\/le.nomade.sylvainperrierfotografi.com\\\/contact\\\/#breadcrumb\",\"itemListElement\":[{\"@type\":\"ListItem\",\"position\":1,\"name\":\"Accueil\",\"item\":\"https:\\\/\\\/le.nomade.sylvainperrierfotografi.com\\\/\"},{\"@type\":\"ListItem\",\"position\":2,\"name\":\"Contact\"}]},{\"@type\":\"WebSite\",\"@id\":\"https:\\\/\\\/le.nomade.sylvainperrierfotografi.com\\\/#website\",\"url\":\"https:\\\/\\\/le.nomade.sylvainperrierfotografi.com\\\/\",\"name\":\"Le Nomade Sylvain Perrier\",\"description\":\"L\u00e0 o\u00f9 les images rencontrent les mots\",\"publisher\":{\"@id\":\"https:\\\/\\\/le.nomade.sylvainperrierfotografi.com\\\/#\\\/schema\\\/person\\\/422f9f9af75b66cb9416a7ef7bc22a92\"},\"alternateName\":\"Sylvain Perrier\",\"potentialAction\":[{\"@type\":\"SearchAction\",\"target\":{\"@type\":\"EntryPoint\",\"urlTemplate\":\"https:\\\/\\\/le.nomade.sylvainperrierfotografi.com\\\/?s={search_term_string}\"},\"query-input\":{\"@type\":\"PropertyValueSpecification\",\"valueRequired\":true,\"valueName\":\"search_term_string\"}}],\"inLanguage\":\"fr-FR\"},{\"@type\":[\"Person\",\"Organization\"],\"@id\":\"https:\\\/\\\/le.nomade.sylvainperrierfotografi.com\\\/#\\\/schema\\\/person\\\/422f9f9af75b66cb9416a7ef7bc22a92\",\"name\":\"nomade\",\"image\":{\"@type\":\"ImageObject\",\"inLanguage\":\"fr-FR\",\"@id\":\"https:\\\/\\\/i0.wp.com\\\/le.nomade.sylvainperrierfotografi.com\\\/wp-content\\\/uploads\\\/2024\\\/04\\\/cropped-Sylvain-Perrier-Photographie-roadtrip.jpg?fit=1056%2C348&ssl=1\",\"url\":\"https:\\\/\\\/i0.wp.com\\\/le.nomade.sylvainperrierfotografi.com\\\/wp-content\\\/uploads\\\/2024\\\/04\\\/cropped-Sylvain-Perrier-Photographie-roadtrip.jpg?fit=1056%2C348&ssl=1\",\"contentUrl\":\"https:\\\/\\\/i0.wp.com\\\/le.nomade.sylvainperrierfotografi.com\\\/wp-content\\\/uploads\\\/2024\\\/04\\\/cropped-Sylvain-Perrier-Photographie-roadtrip.jpg?fit=1056%2C348&ssl=1\",\"width\":1056,\"height\":348,\"caption\":\"nomade\"},\"logo\":{\"@id\":\"https:\\\/\\\/i0.wp.com\\\/le.nomade.sylvainperrierfotografi.com\\\/wp-content\\\/uploads\\\/2024\\\/04\\\/cropped-Sylvain-Perrier-Photographie-roadtrip.jpg?fit=1056%2C348&ssl=1\"},\"sameAs\":[\"https:\\\/\\\/le.nomade.sylvainperrierfotografi.com\",\"https:\\\/\\\/www.facebook.com\\\/SylvainPerrierFotografie\",\"https:\\\/\\\/www.instagram.com\\\/sylvainperrierfotografi\",\"https:\\\/\\\/www.pinterest.ca\\\/sylvain_perrier\",\"https:\\\/\\\/x.com\\\/sylvainxperrier\",\"https:\\\/\\\/www.youtube.com\\\/user\\\/lencadreursylvain\",\"https:\\\/\\\/www.tumblr.com\\\/blog\\\/sylvainperrierfotografi\"]}]}<\/script>\n<!-- \/ Yoast SEO plugin. -->","yoast_head_json":{"title":"Contact - Le Nomade","description":"Contact - Un espace de contact simple pour partager impressions, \u00e9motions ou questions autour du projet Le Nomade.","robots":{"index":"index","follow":"follow","max-snippet":"max-snippet:-1","max-image-preview":"max-image-preview:large","max-video-preview":"max-video-preview:-1"},"canonical":"https:\/\/le.nomade.sylvainperrierfotografi.com\/fr\/contact\/","og_locale":"fr_FR","og_type":"article","og_title":"Contact - Le Nomade","og_description":"Contact - Un espace de contact simple pour partager impressions, \u00e9motions ou questions autour du projet Le Nomade.","og_url":"https:\/\/le.nomade.sylvainperrierfotografi.com\/fr\/contact\/","og_site_name":"Le Nomade","article_publisher":"https:\/\/www.facebook.com\/SylvainPerrierFotografie","article_modified_time":"2025-05-28T16:13:15+00:00","og_image":[{"width":1820,"height":1024,"url":"https:\/\/le.nomade.sylvainperrierfotografi.com\/wp-content\/uploads\/2025\/05\/Le-nomade.jpg","type":"image\/jpeg"}],"twitter_card":"summary_large_image","twitter_site":"@sylvainxperrier","twitter_misc":{"Dur\u00e9e de lecture estim\u00e9e":"1 minute"},"schema":{"@context":"https:\/\/schema.org","@graph":[{"@type":"WebPage","@id":"https:\/\/le.nomade.sylvainperrierfotografi.com\/contact\/","url":"https:\/\/le.nomade.sylvainperrierfotografi.com\/contact\/","name":"Contact - Le Nomade","isPartOf":{"@id":"https:\/\/le.nomade.sylvainperrierfotografi.com\/#website"},"primaryImageOfPage":{"@id":"https:\/\/le.nomade.sylvainperrierfotografi.com\/contact\/#primaryimage"},"image":{"@id":"https:\/\/le.nomade.sylvainperrierfotografi.com\/contact\/#primaryimage"},"thumbnailUrl":"https:\/\/i0.wp.com\/le.nomade.sylvainperrierfotografi.com\/wp-content\/uploads\/2025\/05\/Le-nomade.jpg?fit=1820%2C1024&ssl=1","datePublished":"2016-08-24T12:38:58+00:00","dateModified":"2025-05-28T16:13:15+00:00","description":"Contact - Un espace de contact simple pour partager impressions, \u00e9motions ou questions autour du projet Le Nomade.","breadcrumb":{"@id":"https:\/\/le.nomade.sylvainperrierfotografi.com\/contact\/#breadcrumb"},"inLanguage":"fr-FR","potentialAction":[{"@type":"ReadAction","target":["https:\/\/le.nomade.sylvainperrierfotografi.com\/contact\/"]}]},{"@type":"ImageObject","inLanguage":"fr-FR","@id":"https:\/\/le.nomade.sylvainperrierfotografi.com\/contact\/#primaryimage","url":"https:\/\/i0.wp.com\/le.nomade.sylvainperrierfotografi.com\/wp-content\/uploads\/2025\/05\/Le-nomade.jpg?fit=1820%2C1024&ssl=1","contentUrl":"https:\/\/i0.wp.com\/le.nomade.sylvainperrierfotografi.com\/wp-content\/uploads\/2025\/05\/Le-nomade.jpg?fit=1820%2C1024&ssl=1","width":1820,"height":1024,"caption":"Le Nomade"},{"@type":"BreadcrumbList","@id":"https:\/\/le.nomade.sylvainperrierfotografi.com\/contact\/#breadcrumb","itemListElement":[{"@type":"ListItem","position":1,"name":"Accueil","item":"https:\/\/le.nomade.sylvainperrierfotografi.com\/"},{"@type":"ListItem","position":2,"name":"Contact"}]},{"@type":"WebSite","@id":"https:\/\/le.nomade.sylvainperrierfotografi.com\/#website","url":"https:\/\/le.nomade.sylvainperrierfotografi.com\/","name":"Le Nomade Sylvain Perrier","description":"L\u00e0 o\u00f9 les images rencontrent les mots","publisher":{"@id":"https:\/\/le.nomade.sylvainperrierfotografi.com\/#\/schema\/person\/422f9f9af75b66cb9416a7ef7bc22a92"},"alternateName":"Sylvain Perrier","potentialAction":[{"@type":"SearchAction","target":{"@type":"EntryPoint","urlTemplate":"https:\/\/le.nomade.sylvainperrierfotografi.com\/?s={search_term_string}"},"query-input":{"@type":"PropertyValueSpecification","valueRequired":true,"valueName":"search_term_string"}}],"inLanguage":"fr-FR"},{"@type":["Person","Organization"],"@id":"https:\/\/le.nomade.sylvainperrierfotografi.com\/#\/schema\/person\/422f9f9af75b66cb9416a7ef7bc22a92","name":"nomade","image":{"@type":"ImageObject","inLanguage":"fr-FR","@id":"https:\/\/i0.wp.com\/le.nomade.sylvainperrierfotografi.com\/wp-content\/uploads\/2024\/04\/cropped-Sylvain-Perrier-Photographie-roadtrip.jpg?fit=1056%2C348&ssl=1","url":"https:\/\/i0.wp.com\/le.nomade.sylvainperrierfotografi.com\/wp-content\/uploads\/2024\/04\/cropped-Sylvain-Perrier-Photographie-roadtrip.jpg?fit=1056%2C348&ssl=1","contentUrl":"https:\/\/i0.wp.com\/le.nomade.sylvainperrierfotografi.com\/wp-content\/uploads\/2024\/04\/cropped-Sylvain-Perrier-Photographie-roadtrip.jpg?fit=1056%2C348&ssl=1","width":1056,"height":348,"caption":"nomade"},"logo":{"@id":"https:\/\/i0.wp.com\/le.nomade.sylvainperrierfotografi.com\/wp-content\/uploads\/2024\/04\/cropped-Sylvain-Perrier-Photographie-roadtrip.jpg?fit=1056%2C348&ssl=1"},"sameAs":["https:\/\/le.nomade.sylvainperrierfotografi.com","https:\/\/www.facebook.com\/SylvainPerrierFotografie","https:\/\/www.instagram.com\/sylvainperrierfotografi","https:\/\/www.pinterest.ca\/sylvain_perrier","https:\/\/x.com\/sylvainxperrier","https:\/\/www.youtube.com\/user\/lencadreursylvain","https:\/\/www.tumblr.com\/blog\/sylvainperrierfotografi"]}]}},"jetpack-related-posts":[{"id":255,"url":"https:\/\/le.nomade.sylvainperrierfotografi.com\/fr\/mes-compagnons-de-route\/","url_meta":{"origin":45,"position":0},"title":"Mes compagnons de route","author":"nomade","date":"1 mai 2024","format":false,"excerpt":"Du drone \u00e0 la fourgonnette, du smartphone aux chaussures de marche. D\u00e9couvrez mes compagnons de route pour des aventures nomades m\u00e9morables. \"Mes Compagnons de Route\", permettez-moi de partager avec vous les ann\u00e9es d'exp\u00e9rience que j'ai accumul\u00e9es en tant que Nomade, parcourant les routes de ce vaste monde. Il est crucial,\u2026","rel":"","context":"Article similaire","block_context":{"text":"Article similaire","link":""},"img":{"alt_text":"Mes compagnons de route","src":"https:\/\/i0.wp.com\/le.nomade.sylvainperrierfotografi.com\/wp-content\/uploads\/2024\/05\/equipement-e1714582054301.jpg?fit=600%2C805&ssl=1&resize=350%2C200","width":350,"height":200,"srcset":"https:\/\/i0.wp.com\/le.nomade.sylvainperrierfotografi.com\/wp-content\/uploads\/2024\/05\/equipement-e1714582054301.jpg?fit=600%2C805&ssl=1&resize=350%2C200 1x, https:\/\/i0.wp.com\/le.nomade.sylvainperrierfotografi.com\/wp-content\/uploads\/2024\/05\/equipement-e1714582054301.jpg?fit=600%2C805&ssl=1&resize=525%2C300 1.5x"},"classes":[]},{"id":46,"url":"https:\/\/le.nomade.sylvainperrierfotografi.com\/fr\/a-propos\/","url_meta":{"origin":45,"position":1},"title":"\u00c0 PROPOS","author":"nomade","date":"24 ao\u00fbt 2016","format":false,"excerpt":"\u00c0 propos \u2014 Le Nomade Sur la route, l\u00e0 o\u00f9 les histoires naissent et les images deviennent m\u00e9moire.\u2014 Sylvain Perrier, Le Nomade Le Nomade, c\u2019est moi.C\u2019est toi aussi, peut-\u00eatre.C\u2019est quiconque marche le monde avec un appareil photo dans une main\u2026 et des mots dans l\u2019autre. Ce site est n\u00e9 d\u2019un\u2026","rel":"","context":"Article similaire","block_context":{"text":"Article similaire","link":""},"img":{"alt_text":"Le Nomade Sylvain Perrier","src":"https:\/\/i0.wp.com\/le.nomade.sylvainperrierfotografi.com\/wp-content\/uploads\/2024\/04\/Le-Nomade-Sylvain-Perrier.jpg?fit=720%2C720&ssl=1&resize=350%2C200","width":350,"height":200,"srcset":"https:\/\/i0.wp.com\/le.nomade.sylvainperrierfotografi.com\/wp-content\/uploads\/2024\/04\/Le-Nomade-Sylvain-Perrier.jpg?fit=720%2C720&ssl=1&resize=350%2C200 1x, https:\/\/i0.wp.com\/le.nomade.sylvainperrierfotografi.com\/wp-content\/uploads\/2024\/04\/Le-Nomade-Sylvain-Perrier.jpg?fit=720%2C720&ssl=1&resize=525%2C300 1.5x, https:\/\/i0.wp.com\/le.nomade.sylvainperrierfotografi.com\/wp-content\/uploads\/2024\/04\/Le-Nomade-Sylvain-Perrier.jpg?fit=720%2C720&ssl=1&resize=700%2C400 2x"},"classes":[]}],"jetpack_sharing_enabled":true,"_links":{"self":[{"href":"https:\/\/le.nomade.sylvainperrierfotografi.com\/fr\/wp-json\/wp\/v2\/pages\/45","targetHints":{"allow":["GET"]}}],"collection":[{"href":"https:\/\/le.nomade.sylvainperrierfotografi.com\/fr\/wp-json\/wp\/v2\/pages"}],"about":[{"href":"https:\/\/le.nomade.sylvainperrierfotografi.com\/fr\/wp-json\/wp\/v2\/types\/page"}],"author":[{"embeddable":true,"href":"https:\/\/le.nomade.sylvainperrierfotografi.com\/fr\/wp-json\/wp\/v2\/users\/1"}],"replies":[{"embeddable":true,"href":"https:\/\/le.nomade.sylvainperrierfotografi.com\/fr\/wp-json\/wp\/v2\/comments?post=45"}],"version-history":[{"count":4,"href":"https:\/\/le.nomade.sylvainperrierfotografi.com\/fr\/wp-json\/wp\/v2\/pages\/45\/revisions"}],"predecessor-version":[{"id":753,"href":"https:\/\/le.nomade.sylvainperrierfotografi.com\/fr\/wp-json\/wp\/v2\/pages\/45\/revisions\/753"}],"wp:featuredmedia":[{"embeddable":true,"href":"https:\/\/le.nomade.sylvainperrierfotografi.com\/fr\/wp-json\/wp\/v2\/media\/754"}],"wp:attachment":[{"href":"https:\/\/le.nomade.sylvainperrierfotografi.com\/fr\/wp-json\/wp\/v2\/media?parent=45"}],"curies":[{"name":"wp","href":"https:\/\/api.w.org\/{rel}","templated":true}]}}