{"id":46,"date":"2016-08-24T12:38:44","date_gmt":"2016-08-24T12:38:44","guid":{"rendered":"https:\/\/le.nomade.sylvainperrierfotografi.com\/about\/"},"modified":"2025-05-28T11:47:39","modified_gmt":"2025-05-28T15:47:39","slug":"a-propos","status":"publish","type":"page","link":"https:\/\/le.nomade.sylvainperrierfotografi.com\/fr\/a-propos\/","title":{"rendered":"\u00c0 PROPOS"},"content":{"rendered":"<p class=\"has-large-font-size\"><strong>\u00c0 propos \u2014 Le Nomade<\/strong><\/p>\n\n\n\n<blockquote class=\"wp-block-quote is-layout-flow wp-block-quote-is-layout-flow\">\n<p class=\"\"><em>Sur la route, l\u00e0 o\u00f9 les histoires naissent et les images deviennent m\u00e9moire.<\/em><br>\u2014 Sylvain Perrier, Le Nomade<\/p>\n<\/blockquote>\n\n\n\n<p class=\"\"><strong>Le Nomade<\/strong>, c\u2019est moi.<br>C\u2019est toi aussi, peut-\u00eatre.<br>C\u2019est quiconque marche le monde avec un appareil photo dans une main\u2026 et des mots dans l\u2019autre.<\/p>\n\n\n\n<p class=\"\">Ce site est n\u00e9 d\u2019un besoin simple : <strong>regarder autrement<\/strong>. Voir au-del\u00e0 du clich\u00e9, au-del\u00e0 de l\u2019image nette et bien cadr\u00e9e. Voir ce que la vie murmure dans le flou d\u2019un matin brumeux, dans le silence d\u2019un panneau rouill\u00e9, ou dans le regard d\u2019un inconnu crois\u00e9 par hasard.<\/p>\n\n\n\n<p class=\"\">Autrefois, j\u2019avais un espace nomm\u00e9 <strong>Au-del\u00e0 de l\u2019objectif<\/strong>. J\u2019y d\u00e9posais des photos accompagn\u00e9es de textes \u2014 des r\u00e9cits courts, des pens\u00e9es, parfois m\u00eame des d\u00e9buts de chansons. Ce site en est l\u2019h\u00e9ritier. Un espace de libert\u00e9 o\u00f9 <strong>chaque image est accompagn\u00e9e de mots<\/strong> pour en prolonger la r\u00e9sonance.<\/p>\n\n\n\n<p class=\"\">Tu y trouveras un peu de tout :<br>\u2022 des <strong>paysages oubli\u00e9s<\/strong>,<br>\u2022 des <strong>instants de rue suspendus<\/strong>,<br>\u2022 des <strong>objets charg\u00e9s d\u2019histoire<\/strong>,<br>\u2022 des <strong>portraits impr\u00e9vus<\/strong>,<br>\u2022 des <strong>images qui \u00e9gratignent ou qui caressent<\/strong>,<br>mais toujours, <strong>une \u00e9motion \u00e0 cueillir<\/strong>.<\/p>\n\n\n\n<p class=\"\"><em>Le Nomade<\/em> n\u2019est pas qu\u2019un carnet de route. C\u2019est une exploration int\u00e9rieure autant qu\u2019un voyage ext\u00e9rieur. Une qu\u00eate de sens, de beaut\u00e9 brute, et de v\u00e9rit\u00e9 simple.<br>Je ne cherche pas \u00e0 impressionner. Je cherche \u00e0 <strong>toucher<\/strong>.<\/p>\n\n\n\n<p class=\"\">Alors prends ton temps.<br>Lis. Regarde. Ressens.<br>Et si une photo ou un mot te parle\u2026 c\u2019est qu\u2019on s\u2019est d\u00e9j\u00e0 un peu rencontr\u00e9s.<\/p>\n\n\n\n<blockquote class=\"wp-block-quote is-layout-flow wp-block-quote-is-layout-flow\">\n<p class=\"\">\u00ab Je marche pour voir, j\u2019\u00e9cris pour ressentir\u2026 et je photographie pour ne rien oublier. \u00bb<br>\u2014 <em>Le Nomade<\/em><\/p>\n<\/blockquote>\n\n\n\n<p class=\"has-small-font-size\"> <a href=\"https:\/\/sylvainperrierfotografi.com\/\" target=\"_blank\" rel=\"noreferrer noopener\">Sylvain Perrier photographe<\/a><\/p>","protected":false},"excerpt":{"rendered":"<p>\u00c0 propos \u2014 Le Nomade Sur la route, l\u00e0 o\u00f9 les histoires naissent et les images deviennent m\u00e9moire.\u2014 [&hellip;]<\/p>\n","protected":false},"author":1,"featured_media":116,"parent":0,"menu_order":3,"comment_status":"closed","ping_status":"closed","template":"","meta":{"nf_dc_page":"","footnotes":""},"class_list":["post-46","page","type-page","status-publish","has-post-thumbnail","hentry"],"yoast_head":"<!-- This site is optimized with the Yoast SEO plugin v27.4 - https:\/\/yoast.com\/product\/yoast-seo-wordpress\/ -->\n<title>\u00c0 PROPOS - Le Nomade<\/title>\n<meta name=\"description\" content=\"\u00c0 propos \u2014 Le Nomade - Un voyage visuel et po\u00e9tique o\u00f9 chaque photo s\u2019accompagne de mots, d\u2019\u00e9motions et d\u2019histoires \u00e0 d\u00e9couvrir.\" \/>\n<meta name=\"robots\" content=\"index, follow, max-snippet:-1, max-image-preview:large, max-video-preview:-1\" \/>\n<link rel=\"canonical\" href=\"https:\/\/le.nomade.sylvainperrierfotografi.com\/fr\/a-propos\/\" \/>\n<meta property=\"og:locale\" content=\"fr_FR\" \/>\n<meta property=\"og:type\" content=\"article\" \/>\n<meta property=\"og:title\" content=\"\u00c0 PROPOS - Le Nomade\" \/>\n<meta property=\"og:description\" content=\"\u00c0 propos \u2014 Le Nomade - Un voyage visuel et po\u00e9tique o\u00f9 chaque photo s\u2019accompagne de mots, d\u2019\u00e9motions et d\u2019histoires \u00e0 d\u00e9couvrir.\" \/>\n<meta property=\"og:url\" content=\"https:\/\/le.nomade.sylvainperrierfotografi.com\/fr\/a-propos\/\" \/>\n<meta property=\"og:site_name\" content=\"Le Nomade\" \/>\n<meta property=\"article:publisher\" content=\"https:\/\/www.facebook.com\/SylvainPerrierFotografie\" \/>\n<meta property=\"article:modified_time\" content=\"2025-05-28T15:47:39+00:00\" \/>\n<meta property=\"og:image\" content=\"https:\/\/le.nomade.sylvainperrierfotografi.com\/wp-content\/uploads\/2024\/04\/Le-Nomade-Sylvain-Perrier.jpg\" \/>\n\t<meta property=\"og:image:width\" content=\"720\" \/>\n\t<meta property=\"og:image:height\" content=\"720\" \/>\n\t<meta property=\"og:image:type\" content=\"image\/jpeg\" \/>\n<meta name=\"twitter:card\" content=\"summary_large_image\" \/>\n<meta name=\"twitter:site\" content=\"@sylvainxperrier\" \/>\n<meta name=\"twitter:label1\" content=\"Dur\u00e9e de lecture estim\u00e9e\" \/>\n\t<meta name=\"twitter:data1\" content=\"2 minutes\" \/>\n<script type=\"application\/ld+json\" class=\"yoast-schema-graph\">{\"@context\":\"https:\\\/\\\/schema.org\",\"@graph\":[{\"@type\":\"WebPage\",\"@id\":\"https:\\\/\\\/le.nomade.sylvainperrierfotografi.com\\\/a-propos\\\/\",\"url\":\"https:\\\/\\\/le.nomade.sylvainperrierfotografi.com\\\/a-propos\\\/\",\"name\":\"\u00c0 PROPOS - Le Nomade\",\"isPartOf\":{\"@id\":\"https:\\\/\\\/le.nomade.sylvainperrierfotografi.com\\\/#website\"},\"primaryImageOfPage\":{\"@id\":\"https:\\\/\\\/le.nomade.sylvainperrierfotografi.com\\\/a-propos\\\/#primaryimage\"},\"image\":{\"@id\":\"https:\\\/\\\/le.nomade.sylvainperrierfotografi.com\\\/a-propos\\\/#primaryimage\"},\"thumbnailUrl\":\"https:\\\/\\\/i0.wp.com\\\/le.nomade.sylvainperrierfotografi.com\\\/wp-content\\\/uploads\\\/2024\\\/04\\\/Le-Nomade-Sylvain-Perrier.jpg?fit=720%2C720&ssl=1\",\"datePublished\":\"2016-08-24T12:38:44+00:00\",\"dateModified\":\"2025-05-28T15:47:39+00:00\",\"description\":\"\u00c0 propos \u2014 Le Nomade - Un voyage visuel et po\u00e9tique o\u00f9 chaque photo s\u2019accompagne de mots, d\u2019\u00e9motions et d\u2019histoires \u00e0 d\u00e9couvrir.\",\"breadcrumb\":{\"@id\":\"https:\\\/\\\/le.nomade.sylvainperrierfotografi.com\\\/a-propos\\\/#breadcrumb\"},\"inLanguage\":\"fr-FR\",\"potentialAction\":[{\"@type\":\"ReadAction\",\"target\":[\"https:\\\/\\\/le.nomade.sylvainperrierfotografi.com\\\/a-propos\\\/\"]}]},{\"@type\":\"ImageObject\",\"inLanguage\":\"fr-FR\",\"@id\":\"https:\\\/\\\/le.nomade.sylvainperrierfotografi.com\\\/a-propos\\\/#primaryimage\",\"url\":\"https:\\\/\\\/i0.wp.com\\\/le.nomade.sylvainperrierfotografi.com\\\/wp-content\\\/uploads\\\/2024\\\/04\\\/Le-Nomade-Sylvain-Perrier.jpg?fit=720%2C720&ssl=1\",\"contentUrl\":\"https:\\\/\\\/i0.wp.com\\\/le.nomade.sylvainperrierfotografi.com\\\/wp-content\\\/uploads\\\/2024\\\/04\\\/Le-Nomade-Sylvain-Perrier.jpg?fit=720%2C720&ssl=1\",\"width\":720,\"height\":720,\"caption\":\"Le Nomade Sylvain Perrier\"},{\"@type\":\"BreadcrumbList\",\"@id\":\"https:\\\/\\\/le.nomade.sylvainperrierfotografi.com\\\/a-propos\\\/#breadcrumb\",\"itemListElement\":[{\"@type\":\"ListItem\",\"position\":1,\"name\":\"Accueil\",\"item\":\"https:\\\/\\\/le.nomade.sylvainperrierfotografi.com\\\/\"},{\"@type\":\"ListItem\",\"position\":2,\"name\":\"\u00c0 PROPOS\"}]},{\"@type\":\"WebSite\",\"@id\":\"https:\\\/\\\/le.nomade.sylvainperrierfotografi.com\\\/#website\",\"url\":\"https:\\\/\\\/le.nomade.sylvainperrierfotografi.com\\\/\",\"name\":\"Le Nomade Sylvain Perrier\",\"description\":\"L\u00e0 o\u00f9 les images rencontrent les mots\",\"publisher\":{\"@id\":\"https:\\\/\\\/le.nomade.sylvainperrierfotografi.com\\\/#\\\/schema\\\/person\\\/422f9f9af75b66cb9416a7ef7bc22a92\"},\"alternateName\":\"Sylvain Perrier\",\"potentialAction\":[{\"@type\":\"SearchAction\",\"target\":{\"@type\":\"EntryPoint\",\"urlTemplate\":\"https:\\\/\\\/le.nomade.sylvainperrierfotografi.com\\\/?s={search_term_string}\"},\"query-input\":{\"@type\":\"PropertyValueSpecification\",\"valueRequired\":true,\"valueName\":\"search_term_string\"}}],\"inLanguage\":\"fr-FR\"},{\"@type\":[\"Person\",\"Organization\"],\"@id\":\"https:\\\/\\\/le.nomade.sylvainperrierfotografi.com\\\/#\\\/schema\\\/person\\\/422f9f9af75b66cb9416a7ef7bc22a92\",\"name\":\"nomade\",\"image\":{\"@type\":\"ImageObject\",\"inLanguage\":\"fr-FR\",\"@id\":\"https:\\\/\\\/i0.wp.com\\\/le.nomade.sylvainperrierfotografi.com\\\/wp-content\\\/uploads\\\/2024\\\/04\\\/cropped-Sylvain-Perrier-Photographie-roadtrip.jpg?fit=1056%2C348&ssl=1\",\"url\":\"https:\\\/\\\/i0.wp.com\\\/le.nomade.sylvainperrierfotografi.com\\\/wp-content\\\/uploads\\\/2024\\\/04\\\/cropped-Sylvain-Perrier-Photographie-roadtrip.jpg?fit=1056%2C348&ssl=1\",\"contentUrl\":\"https:\\\/\\\/i0.wp.com\\\/le.nomade.sylvainperrierfotografi.com\\\/wp-content\\\/uploads\\\/2024\\\/04\\\/cropped-Sylvain-Perrier-Photographie-roadtrip.jpg?fit=1056%2C348&ssl=1\",\"width\":1056,\"height\":348,\"caption\":\"nomade\"},\"logo\":{\"@id\":\"https:\\\/\\\/i0.wp.com\\\/le.nomade.sylvainperrierfotografi.com\\\/wp-content\\\/uploads\\\/2024\\\/04\\\/cropped-Sylvain-Perrier-Photographie-roadtrip.jpg?fit=1056%2C348&ssl=1\"},\"sameAs\":[\"https:\\\/\\\/le.nomade.sylvainperrierfotografi.com\",\"https:\\\/\\\/www.facebook.com\\\/SylvainPerrierFotografie\",\"https:\\\/\\\/www.instagram.com\\\/sylvainperrierfotografi\",\"https:\\\/\\\/www.pinterest.ca\\\/sylvain_perrier\",\"https:\\\/\\\/x.com\\\/sylvainxperrier\",\"https:\\\/\\\/www.youtube.com\\\/user\\\/lencadreursylvain\",\"https:\\\/\\\/www.tumblr.com\\\/blog\\\/sylvainperrierfotografi\"]}]}<\/script>\n<!-- \/ Yoast SEO plugin. -->","yoast_head_json":{"title":"\u00c0 PROPOS - Le Nomade","description":"\u00c0 propos \u2014 Le Nomade - Un voyage visuel et po\u00e9tique o\u00f9 chaque photo s\u2019accompagne de mots, d\u2019\u00e9motions et d\u2019histoires \u00e0 d\u00e9couvrir.","robots":{"index":"index","follow":"follow","max-snippet":"max-snippet:-1","max-image-preview":"max-image-preview:large","max-video-preview":"max-video-preview:-1"},"canonical":"https:\/\/le.nomade.sylvainperrierfotografi.com\/fr\/a-propos\/","og_locale":"fr_FR","og_type":"article","og_title":"\u00c0 PROPOS - Le Nomade","og_description":"\u00c0 propos \u2014 Le Nomade - Un voyage visuel et po\u00e9tique o\u00f9 chaque photo s\u2019accompagne de mots, d\u2019\u00e9motions et d\u2019histoires \u00e0 d\u00e9couvrir.","og_url":"https:\/\/le.nomade.sylvainperrierfotografi.com\/fr\/a-propos\/","og_site_name":"Le Nomade","article_publisher":"https:\/\/www.facebook.com\/SylvainPerrierFotografie","article_modified_time":"2025-05-28T15:47:39+00:00","og_image":[{"width":720,"height":720,"url":"https:\/\/le.nomade.sylvainperrierfotografi.com\/wp-content\/uploads\/2024\/04\/Le-Nomade-Sylvain-Perrier.jpg","type":"image\/jpeg"}],"twitter_card":"summary_large_image","twitter_site":"@sylvainxperrier","twitter_misc":{"Dur\u00e9e de lecture estim\u00e9e":"2 minutes"},"schema":{"@context":"https:\/\/schema.org","@graph":[{"@type":"WebPage","@id":"https:\/\/le.nomade.sylvainperrierfotografi.com\/a-propos\/","url":"https:\/\/le.nomade.sylvainperrierfotografi.com\/a-propos\/","name":"\u00c0 PROPOS - Le Nomade","isPartOf":{"@id":"https:\/\/le.nomade.sylvainperrierfotografi.com\/#website"},"primaryImageOfPage":{"@id":"https:\/\/le.nomade.sylvainperrierfotografi.com\/a-propos\/#primaryimage"},"image":{"@id":"https:\/\/le.nomade.sylvainperrierfotografi.com\/a-propos\/#primaryimage"},"thumbnailUrl":"https:\/\/i0.wp.com\/le.nomade.sylvainperrierfotografi.com\/wp-content\/uploads\/2024\/04\/Le-Nomade-Sylvain-Perrier.jpg?fit=720%2C720&ssl=1","datePublished":"2016-08-24T12:38:44+00:00","dateModified":"2025-05-28T15:47:39+00:00","description":"\u00c0 propos \u2014 Le Nomade - Un voyage visuel et po\u00e9tique o\u00f9 chaque photo s\u2019accompagne de mots, d\u2019\u00e9motions et d\u2019histoires \u00e0 d\u00e9couvrir.","breadcrumb":{"@id":"https:\/\/le.nomade.sylvainperrierfotografi.com\/a-propos\/#breadcrumb"},"inLanguage":"fr-FR","potentialAction":[{"@type":"ReadAction","target":["https:\/\/le.nomade.sylvainperrierfotografi.com\/a-propos\/"]}]},{"@type":"ImageObject","inLanguage":"fr-FR","@id":"https:\/\/le.nomade.sylvainperrierfotografi.com\/a-propos\/#primaryimage","url":"https:\/\/i0.wp.com\/le.nomade.sylvainperrierfotografi.com\/wp-content\/uploads\/2024\/04\/Le-Nomade-Sylvain-Perrier.jpg?fit=720%2C720&ssl=1","contentUrl":"https:\/\/i0.wp.com\/le.nomade.sylvainperrierfotografi.com\/wp-content\/uploads\/2024\/04\/Le-Nomade-Sylvain-Perrier.jpg?fit=720%2C720&ssl=1","width":720,"height":720,"caption":"Le Nomade Sylvain Perrier"},{"@type":"BreadcrumbList","@id":"https:\/\/le.nomade.sylvainperrierfotografi.com\/a-propos\/#breadcrumb","itemListElement":[{"@type":"ListItem","position":1,"name":"Accueil","item":"https:\/\/le.nomade.sylvainperrierfotografi.com\/"},{"@type":"ListItem","position":2,"name":"\u00c0 PROPOS"}]},{"@type":"WebSite","@id":"https:\/\/le.nomade.sylvainperrierfotografi.com\/#website","url":"https:\/\/le.nomade.sylvainperrierfotografi.com\/","name":"Le Nomade Sylvain Perrier","description":"L\u00e0 o\u00f9 les images rencontrent les mots","publisher":{"@id":"https:\/\/le.nomade.sylvainperrierfotografi.com\/#\/schema\/person\/422f9f9af75b66cb9416a7ef7bc22a92"},"alternateName":"Sylvain Perrier","potentialAction":[{"@type":"SearchAction","target":{"@type":"EntryPoint","urlTemplate":"https:\/\/le.nomade.sylvainperrierfotografi.com\/?s={search_term_string}"},"query-input":{"@type":"PropertyValueSpecification","valueRequired":true,"valueName":"search_term_string"}}],"inLanguage":"fr-FR"},{"@type":["Person","Organization"],"@id":"https:\/\/le.nomade.sylvainperrierfotografi.com\/#\/schema\/person\/422f9f9af75b66cb9416a7ef7bc22a92","name":"nomade","image":{"@type":"ImageObject","inLanguage":"fr-FR","@id":"https:\/\/i0.wp.com\/le.nomade.sylvainperrierfotografi.com\/wp-content\/uploads\/2024\/04\/cropped-Sylvain-Perrier-Photographie-roadtrip.jpg?fit=1056%2C348&ssl=1","url":"https:\/\/i0.wp.com\/le.nomade.sylvainperrierfotografi.com\/wp-content\/uploads\/2024\/04\/cropped-Sylvain-Perrier-Photographie-roadtrip.jpg?fit=1056%2C348&ssl=1","contentUrl":"https:\/\/i0.wp.com\/le.nomade.sylvainperrierfotografi.com\/wp-content\/uploads\/2024\/04\/cropped-Sylvain-Perrier-Photographie-roadtrip.jpg?fit=1056%2C348&ssl=1","width":1056,"height":348,"caption":"nomade"},"logo":{"@id":"https:\/\/i0.wp.com\/le.nomade.sylvainperrierfotografi.com\/wp-content\/uploads\/2024\/04\/cropped-Sylvain-Perrier-Photographie-roadtrip.jpg?fit=1056%2C348&ssl=1"},"sameAs":["https:\/\/le.nomade.sylvainperrierfotografi.com","https:\/\/www.facebook.com\/SylvainPerrierFotografie","https:\/\/www.instagram.com\/sylvainperrierfotografi","https:\/\/www.pinterest.ca\/sylvain_perrier","https:\/\/x.com\/sylvainxperrier","https:\/\/www.youtube.com\/user\/lencadreursylvain","https:\/\/www.tumblr.com\/blog\/sylvainperrierfotografi"]}]}},"jetpack-related-posts":[{"id":255,"url":"https:\/\/le.nomade.sylvainperrierfotografi.com\/fr\/mes-compagnons-de-route\/","url_meta":{"origin":46,"position":0},"title":"Mes compagnons de route","author":"nomade","date":"1 mai 2024","format":false,"excerpt":"Du drone \u00e0 la fourgonnette, du smartphone aux chaussures de marche. D\u00e9couvrez mes compagnons de route pour des aventures nomades m\u00e9morables. \"Mes Compagnons de Route\", permettez-moi de partager avec vous les ann\u00e9es d'exp\u00e9rience que j'ai accumul\u00e9es en tant que Nomade, parcourant les routes de ce vaste monde. Il est crucial,\u2026","rel":"","context":"Article similaire","block_context":{"text":"Article similaire","link":""},"img":{"alt_text":"Mes compagnons de route","src":"https:\/\/i0.wp.com\/le.nomade.sylvainperrierfotografi.com\/wp-content\/uploads\/2024\/05\/equipement-e1714582054301.jpg?fit=600%2C805&ssl=1&resize=350%2C200","width":350,"height":200,"srcset":"https:\/\/i0.wp.com\/le.nomade.sylvainperrierfotografi.com\/wp-content\/uploads\/2024\/05\/equipement-e1714582054301.jpg?fit=600%2C805&ssl=1&resize=350%2C200 1x, https:\/\/i0.wp.com\/le.nomade.sylvainperrierfotografi.com\/wp-content\/uploads\/2024\/05\/equipement-e1714582054301.jpg?fit=600%2C805&ssl=1&resize=525%2C300 1.5x"},"classes":[]},{"id":45,"url":"https:\/\/le.nomade.sylvainperrierfotografi.com\/fr\/contact\/","url_meta":{"origin":46,"position":1},"title":"Contact","author":"nomade","date":"24 ao\u00fbt 2016","format":false,"excerpt":"Contact Une pens\u00e9e \u00e0 partager, une photo qui t\u2019a touch\u00e9, ou simplement envie de dire bonjour ? Ce site est un carnet de route, un espace libre o\u00f9 les images rencontrent les mots. Si tu ressens l\u2019\u00e9lan d\u2019\u00e9changer ou de me laisser un message, je t\u2019\u00e9coute avec plaisir. \ud83d\udce7 info@sylvainperrierfotografi.com\u2026","rel":"","context":"Article similaire","block_context":{"text":"Article similaire","link":""},"img":{"alt_text":"Le Nomade","src":"https:\/\/i0.wp.com\/le.nomade.sylvainperrierfotografi.com\/wp-content\/uploads\/2025\/05\/Le-nomade.jpg?fit=1200%2C675&ssl=1&resize=350%2C200","width":350,"height":200,"srcset":"https:\/\/i0.wp.com\/le.nomade.sylvainperrierfotografi.com\/wp-content\/uploads\/2025\/05\/Le-nomade.jpg?fit=1200%2C675&ssl=1&resize=350%2C200 1x, https:\/\/i0.wp.com\/le.nomade.sylvainperrierfotografi.com\/wp-content\/uploads\/2025\/05\/Le-nomade.jpg?fit=1200%2C675&ssl=1&resize=525%2C300 1.5x, https:\/\/i0.wp.com\/le.nomade.sylvainperrierfotografi.com\/wp-content\/uploads\/2025\/05\/Le-nomade.jpg?fit=1200%2C675&ssl=1&resize=700%2C400 2x, https:\/\/i0.wp.com\/le.nomade.sylvainperrierfotografi.com\/wp-content\/uploads\/2025\/05\/Le-nomade.jpg?fit=1200%2C675&ssl=1&resize=1050%2C600 3x"},"classes":[]}],"jetpack_sharing_enabled":true,"_links":{"self":[{"href":"https:\/\/le.nomade.sylvainperrierfotografi.com\/fr\/wp-json\/wp\/v2\/pages\/46","targetHints":{"allow":["GET"]}}],"collection":[{"href":"https:\/\/le.nomade.sylvainperrierfotografi.com\/fr\/wp-json\/wp\/v2\/pages"}],"about":[{"href":"https:\/\/le.nomade.sylvainperrierfotografi.com\/fr\/wp-json\/wp\/v2\/types\/page"}],"author":[{"embeddable":true,"href":"https:\/\/le.nomade.sylvainperrierfotografi.com\/fr\/wp-json\/wp\/v2\/users\/1"}],"replies":[{"embeddable":true,"href":"https:\/\/le.nomade.sylvainperrierfotografi.com\/fr\/wp-json\/wp\/v2\/comments?post=46"}],"version-history":[{"count":4,"href":"https:\/\/le.nomade.sylvainperrierfotografi.com\/fr\/wp-json\/wp\/v2\/pages\/46\/revisions"}],"predecessor-version":[{"id":751,"href":"https:\/\/le.nomade.sylvainperrierfotografi.com\/fr\/wp-json\/wp\/v2\/pages\/46\/revisions\/751"}],"wp:featuredmedia":[{"embeddable":true,"href":"https:\/\/le.nomade.sylvainperrierfotografi.com\/fr\/wp-json\/wp\/v2\/media\/116"}],"wp:attachment":[{"href":"https:\/\/le.nomade.sylvainperrierfotografi.com\/fr\/wp-json\/wp\/v2\/media?parent=46"}],"curies":[{"name":"wp","href":"https:\/\/api.w.org\/{rel}","templated":true}]}}